{"id":3279,"date":"2025-06-30T15:30:40","date_gmt":"2025-06-30T14:30:40","guid":{"rendered":"https:\/\/test.preprod76.eu\/svetlanov-days\/svetlanov-days-2028\/"},"modified":"2026-03-10T15:38:04","modified_gmt":"2026-03-10T15:38:04","slug":"svetlanov-days-2028","status":"publish","type":"page","link":"https:\/\/www.svetlanov-evgeny.com\/fr\/svetlanov-days-2028\/","title":{"rendered":"Svetlanov Days 2028"},"content":{"rendered":"\t\t<div data-elementor-type=\"wp-page\" data-elementor-id=\"3279\" class=\"elementor elementor-3279 elementor-384\" data-elementor-post-type=\"page\">\n\t\t\t\t<div class=\"elementor-element elementor-element-231ed3c e-flex e-con-boxed e-con e-parent\" data-id=\"231ed3c\" data-element_type=\"container\" data-settings=\"{&quot;jet_parallax_layout_list&quot;:[]}\">\n\t\t\t\t\t<div class=\"e-con-inner\">\n\t\t\t\t<div class=\"elementor-element elementor-element-057dd9a elementor-widget elementor-widget-text-editor\" data-id=\"057dd9a\" data-element_type=\"widget\" data-widget_type=\"text-editor.default\">\n\t\t\t\t<div class=\"elementor-widget-container\">\n\t\t\t\t\t\t\t\t\t<p><b>Les Svetlanov Days<\/b><span style=\"font-weight: 400;\"> sont une s\u00e9rie d\u2019initiatives consacr\u00e9es \u00e0 la c\u00e9l\u00e9bration du <\/span><b>100\u1d49 anniversaire du Maestro Evgeny Svetlanov en 2028<\/b><span style=\"font-weight: 400;\">.<\/span><\/p>\n<p><span style=\"font-weight: 400;\">Cette comm\u00e9moration exceptionnelle comprendra des <\/span><b>concerts, des \u00e9v\u00e9nements sp\u00e9ciaux, la production d\u2019un film<\/b><span style=\"font-weight: 400;\">, ainsi que d\u2019autres hommages artistiques mettant en lumi\u00e8re l\u2019h\u00e9ritage du Maestro et son influence intemporelle.<\/span><\/p>\n<p><span style=\"font-weight: 400;\">Le programme complet sera annonc\u00e9 prochainement.<\/span><\/p>\n<p><span style=\"font-weight: 400;\">Si vous souhaitez <\/span><b>soutenir Les Svetlanov Days<\/b><span style=\"font-weight: 400;\"> et <\/span><b>devenir<\/b> <b>partenaire<\/b><span style=\"font-weight: 400;\"> de cette c\u00e9l\u00e9bration historique, nous vous invitons \u00e0 <a href=\"https:\/\/www.svetlanov-evgeny.com\/fr\/contact\/\">nous contacter<\/a>.\u00a0<\/span><\/p>\n\t\t\t\t\t\t\t\t<\/div>\n\t\t\t\t<\/div>\n\t\t\t\t<div class=\"elementor-element elementor-element-e7508ed elementor-widget elementor-widget-button\" data-id=\"e7508ed\" data-element_type=\"widget\" data-widget_type=\"button.default\">\n\t\t\t\t<div class=\"elementor-widget-container\">\n\t\t\t\t\t\t\t\t\t<div class=\"elementor-button-wrapper\">\n\t\t\t\t\t<a class=\"elementor-button elementor-button-link elementor-size-sm\" href=\"\">\n\t\t\t\t\t\t<span class=\"elementor-button-content-wrapper\">\n\t\t\t\t\t\t\t\t\t<span class=\"elementor-button-text\">Savoir plus sur le partenariat<\/span>\n\t\t\t\t\t<\/span>\n\t\t\t\t\t<\/a>\n\t\t\t\t<\/div>\n\t\t\t\t\t\t\t\t<\/div>\n\t\t\t\t<\/div>\n\t\t\t\t\t<\/div>\n\t\t\t\t<\/div>\n\t\t<div class=\"elementor-element elementor-element-b993a53 e-flex e-con-boxed e-con e-parent\" data-id=\"b993a53\" data-element_type=\"container\" data-settings=\"{&quot;jet_parallax_layout_list&quot;:[]}\">\n\t\t\t\t\t<div class=\"e-con-inner\">\n\t\t\t\t<div class=\"elementor-element elementor-element-02a8c7d elementor-widget elementor-widget-image\" data-id=\"02a8c7d\" data-element_type=\"widget\" data-widget_type=\"image.default\">\n\t\t\t\t<div class=\"elementor-widget-container\">\n\t\t\t\t\t\t\t\t\t\t\t\t\t\t\t<img fetchpriority=\"high\" decoding=\"async\" width=\"800\" height=\"926\" src=\"https:\/\/www.svetlanov-evgeny.com\/wp-content\/uploads\/2025\/09\/20-EvgenySvetlanov-25-@-Svetlanov-Competition-885x1024.jpg\" class=\"attachment-large size-large wp-image-2756\" alt=\"Evgeny Svetlanov\" srcset=\"https:\/\/www.svetlanov-evgeny.com\/wp-content\/uploads\/2025\/09\/20-EvgenySvetlanov-25-@-Svetlanov-Competition-885x1024.jpg 885w, https:\/\/www.svetlanov-evgeny.com\/wp-content\/uploads\/2025\/09\/20-EvgenySvetlanov-25-@-Svetlanov-Competition-259x300.jpg 259w, https:\/\/www.svetlanov-evgeny.com\/wp-content\/uploads\/2025\/09\/20-EvgenySvetlanov-25-@-Svetlanov-Competition-768x889.jpg 768w, https:\/\/www.svetlanov-evgeny.com\/wp-content\/uploads\/2025\/09\/20-EvgenySvetlanov-25-@-Svetlanov-Competition-1327x1536.jpg 1327w, https:\/\/www.svetlanov-evgeny.com\/wp-content\/uploads\/2025\/09\/20-EvgenySvetlanov-25-@-Svetlanov-Competition-1769x2048.jpg 1769w\" sizes=\"(max-width: 800px) 100vw, 800px\" \/>\t\t\t\t\t\t\t\t\t\t\t\t\t\t\t<\/div>\n\t\t\t\t<\/div>\n\t\t\t\t\t<\/div>\n\t\t\t\t<\/div>\n\t\t\t\t<\/div>\n\t\t","protected":false},"excerpt":{"rendered":"<p>Les Svetlanov Days sont une s\u00e9rie d\u2019initiatives consacr\u00e9es \u00e0 la c\u00e9l\u00e9bration du 100\u1d49 anniversaire du Maestro Evgeny Svetlanov en 2028. Cette comm\u00e9moration exceptionnelle comprendra des concerts, des \u00e9v\u00e9nements sp\u00e9ciaux, la production d\u2019un film, ainsi que d\u2019autres hommages artistiques mettant en lumi\u00e8re l\u2019h\u00e9ritage du Maestro et son influence intemporelle. Le programme complet sera annonc\u00e9 prochainement. Si [&hellip;]<\/p>\n","protected":false},"author":1,"featured_media":2714,"parent":0,"menu_order":0,"comment_status":"closed","ping_status":"closed","template":"","meta":{"_acf_changed":false,"footnotes":""},"tags":[],"class_list":["post-3279","page","type-page","status-publish","has-post-thumbnail","hentry"],"acf":[],"yoast_head":"<!-- This site is optimized with the Yoast SEO plugin v27.2 - https:\/\/yoast.com\/product\/yoast-seo-wordpress\/ -->\n<title>Svetlanov Days 2028 - Evgeny Svetlanov<\/title>\n<meta name=\"description\" content=\"Svetlanov Days 2028 \u2014 concerts comm\u00e9moratifs, \u00e9v\u00e9nements et hommages c\u00e9l\u00e9brant le 100\u1d49 anniversaire du Maestro Evgeny Svetlanov.\" \/>\n<meta name=\"robots\" content=\"index, follow, max-snippet:-1, max-image-preview:large, max-video-preview:-1\" \/>\n<link rel=\"canonical\" href=\"https:\/\/www.svetlanov-evgeny.com\/fr\/svetlanov-days-2028\/\" \/>\n<meta property=\"og:locale\" content=\"fr_FR\" \/>\n<meta property=\"og:type\" content=\"article\" \/>\n<meta property=\"og:title\" content=\"Svetlanov Days 2028 - Evgeny Svetlanov\" \/>\n<meta property=\"og:description\" content=\"Svetlanov Days 2028 \u2014 concerts comm\u00e9moratifs, \u00e9v\u00e9nements et hommages c\u00e9l\u00e9brant le 100\u1d49 anniversaire du Maestro Evgeny Svetlanov.\" \/>\n<meta property=\"og:url\" content=\"https:\/\/www.svetlanov-evgeny.com\/fr\/svetlanov-days-2028\/\" \/>\n<meta property=\"og:site_name\" content=\"Evgeny Svetlanov\" \/>\n<meta property=\"article:modified_time\" content=\"2026-03-10T15:38:04+00:00\" \/>\n<meta property=\"og:image\" content=\"https:\/\/www.svetlanov-evgeny.com\/wp-content\/uploads\/2025\/09\/6-EvgenySvetlanov-6-\u00a9-Svetlanov-Competition.jpg\" \/>\n\t<meta property=\"og:image:width\" content=\"1580\" \/>\n\t<meta property=\"og:image:height\" content=\"1868\" \/>\n\t<meta property=\"og:image:type\" content=\"image\/jpeg\" \/>\n<meta name=\"twitter:card\" content=\"summary_large_image\" \/>\n<meta name=\"twitter:label1\" content=\"Dur\u00e9e de lecture estim\u00e9e\" \/>\n\t<meta name=\"twitter:data1\" content=\"1 minute\" \/>\n<script type=\"application\/ld+json\" class=\"yoast-schema-graph\">{\"@context\":\"https:\/\/schema.org\",\"@graph\":[{\"@type\":\"WebPage\",\"@id\":\"https:\/\/www.svetlanov-evgeny.com\/fr\/svetlanov-days-2028\/\",\"url\":\"https:\/\/www.svetlanov-evgeny.com\/fr\/svetlanov-days-2028\/\",\"name\":\"Svetlanov Days 2028 - Evgeny Svetlanov\",\"isPartOf\":{\"@id\":\"https:\/\/www.svetlanov-evgeny.com\/fr\/#website\"},\"primaryImageOfPage\":{\"@id\":\"https:\/\/www.svetlanov-evgeny.com\/fr\/svetlanov-days-2028\/#primaryimage\"},\"image\":{\"@id\":\"https:\/\/www.svetlanov-evgeny.com\/fr\/svetlanov-days-2028\/#primaryimage\"},\"thumbnailUrl\":\"https:\/\/www.svetlanov-evgeny.com\/wp-content\/uploads\/2025\/09\/6-EvgenySvetlanov-6-\u00a9-Svetlanov-Competition.jpg\",\"datePublished\":\"2025-06-30T14:30:40+00:00\",\"dateModified\":\"2026-03-10T15:38:04+00:00\",\"description\":\"Svetlanov Days 2028 \u2014 concerts comm\u00e9moratifs, \u00e9v\u00e9nements et hommages c\u00e9l\u00e9brant le 100\u1d49 anniversaire du Maestro Evgeny Svetlanov.\",\"breadcrumb\":{\"@id\":\"https:\/\/www.svetlanov-evgeny.com\/fr\/svetlanov-days-2028\/#breadcrumb\"},\"inLanguage\":\"fr-FR\",\"potentialAction\":[{\"@type\":\"ReadAction\",\"target\":[\"https:\/\/www.svetlanov-evgeny.com\/fr\/svetlanov-days-2028\/\"]}]},{\"@type\":\"ImageObject\",\"inLanguage\":\"fr-FR\",\"@id\":\"https:\/\/www.svetlanov-evgeny.com\/fr\/svetlanov-days-2028\/#primaryimage\",\"url\":\"https:\/\/www.svetlanov-evgeny.com\/wp-content\/uploads\/2025\/09\/6-EvgenySvetlanov-6-\u00a9-Svetlanov-Competition.jpg\",\"contentUrl\":\"https:\/\/www.svetlanov-evgeny.com\/wp-content\/uploads\/2025\/09\/6-EvgenySvetlanov-6-\u00a9-Svetlanov-Competition.jpg\",\"width\":1580,\"height\":1868,\"caption\":\"Evgeny Svetlanov \u00a9 SLC\"},{\"@type\":\"BreadcrumbList\",\"@id\":\"https:\/\/www.svetlanov-evgeny.com\/fr\/svetlanov-days-2028\/#breadcrumb\",\"itemListElement\":[{\"@type\":\"ListItem\",\"position\":1,\"name\":\"Home\",\"item\":\"https:\/\/www.svetlanov-evgeny.com\/fr\/\"},{\"@type\":\"ListItem\",\"position\":2,\"name\":\"Svetlanov Days 2028\"}]},{\"@type\":\"WebSite\",\"@id\":\"https:\/\/www.svetlanov-evgeny.com\/fr\/#website\",\"url\":\"https:\/\/www.svetlanov-evgeny.com\/fr\/\",\"name\":\"Evgeny Svetlanov\",\"description\":\"\",\"publisher\":{\"@id\":\"https:\/\/www.svetlanov-evgeny.com\/fr\/#organization\"},\"potentialAction\":[{\"@type\":\"SearchAction\",\"target\":{\"@type\":\"EntryPoint\",\"urlTemplate\":\"https:\/\/www.svetlanov-evgeny.com\/fr\/?s={search_term_string}\"},\"query-input\":{\"@type\":\"PropertyValueSpecification\",\"valueRequired\":true,\"valueName\":\"search_term_string\"}}],\"inLanguage\":\"fr-FR\"},{\"@type\":\"Organization\",\"@id\":\"https:\/\/www.svetlanov-evgeny.com\/fr\/#organization\",\"name\":\"Evgeny Svetlanov\",\"url\":\"https:\/\/www.svetlanov-evgeny.com\/fr\/\",\"logo\":{\"@type\":\"ImageObject\",\"inLanguage\":\"fr-FR\",\"@id\":\"https:\/\/www.svetlanov-evgeny.com\/fr\/#\/schema\/logo\/image\/\",\"url\":\"https:\/\/www.svetlanov-evgeny.com\/wp-content\/uploads\/2024\/01\/evgeny-svetlanov-white.webp\",\"contentUrl\":\"https:\/\/www.svetlanov-evgeny.com\/wp-content\/uploads\/2024\/01\/evgeny-svetlanov-white.webp\",\"width\":376,\"height\":37,\"caption\":\"Evgeny Svetlanov\"},\"image\":{\"@id\":\"https:\/\/www.svetlanov-evgeny.com\/fr\/#\/schema\/logo\/image\/\"}}]}<\/script>\n<!-- \/ Yoast SEO plugin. -->","yoast_head_json":{"title":"Svetlanov Days 2028 - Evgeny Svetlanov","description":"Svetlanov Days 2028 \u2014 concerts comm\u00e9moratifs, \u00e9v\u00e9nements et hommages c\u00e9l\u00e9brant le 100\u1d49 anniversaire du Maestro Evgeny Svetlanov.","robots":{"index":"index","follow":"follow","max-snippet":"max-snippet:-1","max-image-preview":"max-image-preview:large","max-video-preview":"max-video-preview:-1"},"canonical":"https:\/\/www.svetlanov-evgeny.com\/fr\/svetlanov-days-2028\/","og_locale":"fr_FR","og_type":"article","og_title":"Svetlanov Days 2028 - Evgeny Svetlanov","og_description":"Svetlanov Days 2028 \u2014 concerts comm\u00e9moratifs, \u00e9v\u00e9nements et hommages c\u00e9l\u00e9brant le 100\u1d49 anniversaire du Maestro Evgeny Svetlanov.","og_url":"https:\/\/www.svetlanov-evgeny.com\/fr\/svetlanov-days-2028\/","og_site_name":"Evgeny Svetlanov","article_modified_time":"2026-03-10T15:38:04+00:00","og_image":[{"width":1580,"height":1868,"url":"https:\/\/www.svetlanov-evgeny.com\/wp-content\/uploads\/2025\/09\/6-EvgenySvetlanov-6-\u00a9-Svetlanov-Competition.jpg","type":"image\/jpeg"}],"twitter_card":"summary_large_image","twitter_misc":{"Dur\u00e9e de lecture estim\u00e9e":"1 minute"},"schema":{"@context":"https:\/\/schema.org","@graph":[{"@type":"WebPage","@id":"https:\/\/www.svetlanov-evgeny.com\/fr\/svetlanov-days-2028\/","url":"https:\/\/www.svetlanov-evgeny.com\/fr\/svetlanov-days-2028\/","name":"Svetlanov Days 2028 - Evgeny Svetlanov","isPartOf":{"@id":"https:\/\/www.svetlanov-evgeny.com\/fr\/#website"},"primaryImageOfPage":{"@id":"https:\/\/www.svetlanov-evgeny.com\/fr\/svetlanov-days-2028\/#primaryimage"},"image":{"@id":"https:\/\/www.svetlanov-evgeny.com\/fr\/svetlanov-days-2028\/#primaryimage"},"thumbnailUrl":"https:\/\/www.svetlanov-evgeny.com\/wp-content\/uploads\/2025\/09\/6-EvgenySvetlanov-6-\u00a9-Svetlanov-Competition.jpg","datePublished":"2025-06-30T14:30:40+00:00","dateModified":"2026-03-10T15:38:04+00:00","description":"Svetlanov Days 2028 \u2014 concerts comm\u00e9moratifs, \u00e9v\u00e9nements et hommages c\u00e9l\u00e9brant le 100\u1d49 anniversaire du Maestro Evgeny Svetlanov.","breadcrumb":{"@id":"https:\/\/www.svetlanov-evgeny.com\/fr\/svetlanov-days-2028\/#breadcrumb"},"inLanguage":"fr-FR","potentialAction":[{"@type":"ReadAction","target":["https:\/\/www.svetlanov-evgeny.com\/fr\/svetlanov-days-2028\/"]}]},{"@type":"ImageObject","inLanguage":"fr-FR","@id":"https:\/\/www.svetlanov-evgeny.com\/fr\/svetlanov-days-2028\/#primaryimage","url":"https:\/\/www.svetlanov-evgeny.com\/wp-content\/uploads\/2025\/09\/6-EvgenySvetlanov-6-\u00a9-Svetlanov-Competition.jpg","contentUrl":"https:\/\/www.svetlanov-evgeny.com\/wp-content\/uploads\/2025\/09\/6-EvgenySvetlanov-6-\u00a9-Svetlanov-Competition.jpg","width":1580,"height":1868,"caption":"Evgeny Svetlanov \u00a9 SLC"},{"@type":"BreadcrumbList","@id":"https:\/\/www.svetlanov-evgeny.com\/fr\/svetlanov-days-2028\/#breadcrumb","itemListElement":[{"@type":"ListItem","position":1,"name":"Home","item":"https:\/\/www.svetlanov-evgeny.com\/fr\/"},{"@type":"ListItem","position":2,"name":"Svetlanov Days 2028"}]},{"@type":"WebSite","@id":"https:\/\/www.svetlanov-evgeny.com\/fr\/#website","url":"https:\/\/www.svetlanov-evgeny.com\/fr\/","name":"Evgeny Svetlanov","description":"","publisher":{"@id":"https:\/\/www.svetlanov-evgeny.com\/fr\/#organization"},"potentialAction":[{"@type":"SearchAction","target":{"@type":"EntryPoint","urlTemplate":"https:\/\/www.svetlanov-evgeny.com\/fr\/?s={search_term_string}"},"query-input":{"@type":"PropertyValueSpecification","valueRequired":true,"valueName":"search_term_string"}}],"inLanguage":"fr-FR"},{"@type":"Organization","@id":"https:\/\/www.svetlanov-evgeny.com\/fr\/#organization","name":"Evgeny Svetlanov","url":"https:\/\/www.svetlanov-evgeny.com\/fr\/","logo":{"@type":"ImageObject","inLanguage":"fr-FR","@id":"https:\/\/www.svetlanov-evgeny.com\/fr\/#\/schema\/logo\/image\/","url":"https:\/\/www.svetlanov-evgeny.com\/wp-content\/uploads\/2024\/01\/evgeny-svetlanov-white.webp","contentUrl":"https:\/\/www.svetlanov-evgeny.com\/wp-content\/uploads\/2024\/01\/evgeny-svetlanov-white.webp","width":376,"height":37,"caption":"Evgeny Svetlanov"},"image":{"@id":"https:\/\/www.svetlanov-evgeny.com\/fr\/#\/schema\/logo\/image\/"}}]}},"_links":{"self":[{"href":"https:\/\/www.svetlanov-evgeny.com\/fr\/wp-json\/wp\/v2\/pages\/3279","targetHints":{"allow":["GET"]}}],"collection":[{"href":"https:\/\/www.svetlanov-evgeny.com\/fr\/wp-json\/wp\/v2\/pages"}],"about":[{"href":"https:\/\/www.svetlanov-evgeny.com\/fr\/wp-json\/wp\/v2\/types\/page"}],"author":[{"embeddable":true,"href":"https:\/\/www.svetlanov-evgeny.com\/fr\/wp-json\/wp\/v2\/users\/1"}],"replies":[{"embeddable":true,"href":"https:\/\/www.svetlanov-evgeny.com\/fr\/wp-json\/wp\/v2\/comments?post=3279"}],"version-history":[{"count":6,"href":"https:\/\/www.svetlanov-evgeny.com\/fr\/wp-json\/wp\/v2\/pages\/3279\/revisions"}],"predecessor-version":[{"id":10358,"href":"https:\/\/www.svetlanov-evgeny.com\/fr\/wp-json\/wp\/v2\/pages\/3279\/revisions\/10358"}],"wp:featuredmedia":[{"embeddable":true,"href":"https:\/\/www.svetlanov-evgeny.com\/fr\/wp-json\/wp\/v2\/media\/2714"}],"wp:attachment":[{"href":"https:\/\/www.svetlanov-evgeny.com\/fr\/wp-json\/wp\/v2\/media?parent=3279"}],"wp:term":[{"taxonomy":"post_tag","embeddable":true,"href":"https:\/\/www.svetlanov-evgeny.com\/fr\/wp-json\/wp\/v2\/tags?post=3279"}],"curies":[{"name":"wp","href":"https:\/\/api.w.org\/{rel}","templated":true}]}}