{"id":3220,"date":"2025-08-06T15:41:41","date_gmt":"2025-08-06T13:41:41","guid":{"rendered":"https:\/\/test.preprod76.eu\/evgeny-svetlanov\/videos\/faust-ballet-i-les-nubiennes\/"},"modified":"2025-08-06T15:41:41","modified_gmt":"2025-08-06T13:41:41","slug":"faust-ballet-i-les-nubiennes","status":"publish","type":"videos","link":"https:\/\/www.svetlanov-evgeny.com\/fr\/evgeny-svetlanov\/videos\/faust-ballet-i-les-nubiennes\/","title":{"rendered":"Faust, Ballet I. \u00ab\u00a0Les Nubiennes\u00a0\u00bb"},"content":{"rendered":"<p>L&rsquo;Orchestre national de France dirig\u00e9 par Jesko Sirvend joue le premier ballet extrait du Faust de Gounod, \u00ab\u00a0Les Nubiennes\u00a0\u00bb, compos\u00e9 en 1856-1859. Extrait du Gala Gounod donn\u00e9 le 16 juin 2018 \u00e0 la Maison de la Radio (Paris). La faillite du Th\u00e9\u00e2tre-Lyrique o\u00f9 Faust avait \u00e9t\u00e9 cr\u00e9\u00e9 en 1859, combla l\u2019Op\u00e9ra avide de s\u2019approprier un ouvrage dont le succ\u00e8s ne cessait de cro\u00eetre. Gounod dut toutefois s\u2019engager \u00e0 \u00e9crire un ballet. R\u00e9pugnant \u00e0 \u00ab se livrer \u00e0 un travail aussi essentiellement profane \u00bb alors qu\u2019il tentait de trouver dans la religion, une issue \u00e0 la crise de st\u00e9rilit\u00e9 cr\u00e9atrice qu\u2019il traversait, il demanda \u00e0 Saint-Sa\u00ebns de s\u2019en charger&#8230; Puis trouva l\u2019inspiration d\u2019une \u00e9l\u00e9gance et d\u2019une qualit\u00e9 que ni lui, ni Saint-Sa\u00ebns, ni m\u00eame Massenet, ne d\u00e9pass\u00e8rent jamais.<\/p>\n","protected":false},"excerpt":{"rendered":"<p>L&rsquo;Orchestre national de France dirig\u00e9 par Jesko Sirvend joue le premier ballet extrait du Faust de Gounod, \u00ab\u00a0Les Nubiennes\u00a0\u00bb, compos\u00e9 en 1856-1859. Extrait du Gala Gounod donn\u00e9 le 16 juin 2018 \u00e0 la Maison de la Radio (Paris). La faillite du Th\u00e9\u00e2tre-Lyrique o\u00f9 Faust avait \u00e9t\u00e9 cr\u00e9\u00e9 en 1859, combla l\u2019Op\u00e9ra avide de s\u2019approprier un [&hellip;]<\/p>\n","protected":false},"author":1,"featured_media":4138,"template":"","meta":{"_acf_changed":false,"footnotes":""},"artists":[],"events":[],"class_list":["post-3220","videos","type-videos","status-publish","has-post-thumbnail","hentry"],"acf":[],"yoast_head":"<!-- This site is optimized with the Yoast SEO plugin v27.2 - https:\/\/yoast.com\/product\/yoast-seo-wordpress\/ -->\n<title>Faust, Ballet I. &quot;Les Nubiennes&quot; - Evgeny Svetlanov<\/title>\n<meta name=\"robots\" content=\"index, follow, max-snippet:-1, max-image-preview:large, max-video-preview:-1\" \/>\n<link rel=\"canonical\" href=\"https:\/\/www.svetlanov-evgeny.com\/fr\/evgeny-svetlanov\/videos\/faust-ballet-i-les-nubiennes\/\" \/>\n<meta property=\"og:locale\" content=\"fr_FR\" \/>\n<meta property=\"og:type\" content=\"article\" \/>\n<meta property=\"og:title\" content=\"Faust, Ballet I. &quot;Les Nubiennes&quot; - Evgeny Svetlanov\" \/>\n<meta property=\"og:description\" content=\"L&rsquo;Orchestre national de France dirig\u00e9 par Jesko Sirvend joue le premier ballet extrait du Faust de Gounod, \u00ab\u00a0Les Nubiennes\u00a0\u00bb, compos\u00e9 en 1856-1859. Extrait du Gala Gounod donn\u00e9 le 16 juin 2018 \u00e0 la Maison de la Radio (Paris). La faillite du Th\u00e9\u00e2tre-Lyrique o\u00f9 Faust avait \u00e9t\u00e9 cr\u00e9\u00e9 en 1859, combla l\u2019Op\u00e9ra avide de s\u2019approprier un [&hellip;]\" \/>\n<meta property=\"og:url\" content=\"https:\/\/www.svetlanov-evgeny.com\/fr\/evgeny-svetlanov\/videos\/faust-ballet-i-les-nubiennes\/\" \/>\n<meta property=\"og:site_name\" content=\"Evgeny Svetlanov\" \/>\n<meta name=\"twitter:card\" content=\"summary_large_image\" \/>\n<meta name=\"twitter:label1\" content=\"Dur\u00e9e de lecture estim\u00e9e\" \/>\n\t<meta name=\"twitter:data1\" content=\"1 minute\" \/>\n<script type=\"application\/ld+json\" class=\"yoast-schema-graph\">{\"@context\":\"https:\/\/schema.org\",\"@graph\":[{\"@type\":\"WebPage\",\"@id\":\"https:\/\/www.svetlanov-evgeny.com\/fr\/evgeny-svetlanov\/videos\/faust-ballet-i-les-nubiennes\/\",\"url\":\"https:\/\/www.svetlanov-evgeny.com\/fr\/evgeny-svetlanov\/videos\/faust-ballet-i-les-nubiennes\/\",\"name\":\"Faust, Ballet I. \\\"Les Nubiennes\\\" - Evgeny Svetlanov\",\"isPartOf\":{\"@id\":\"https:\/\/www.svetlanov-evgeny.com\/fr\/#website\"},\"primaryImageOfPage\":{\"@id\":\"https:\/\/www.svetlanov-evgeny.com\/fr\/evgeny-svetlanov\/videos\/faust-ballet-i-les-nubiennes\/#primaryimage\"},\"image\":{\"@id\":\"https:\/\/www.svetlanov-evgeny.com\/fr\/evgeny-svetlanov\/videos\/faust-ballet-i-les-nubiennes\/#primaryimage\"},\"thumbnailUrl\":\"https:\/\/www.svetlanov-evgeny.com\/wp-content\/uploads\/2025\/09\/Evgeny-Svetlanov-Portrait-\u00a9-SLC-scaled.jpg\",\"datePublished\":\"2025-08-06T13:41:41+00:00\",\"breadcrumb\":{\"@id\":\"https:\/\/www.svetlanov-evgeny.com\/fr\/evgeny-svetlanov\/videos\/faust-ballet-i-les-nubiennes\/#breadcrumb\"},\"inLanguage\":\"fr-FR\",\"potentialAction\":[{\"@type\":\"ReadAction\",\"target\":[\"https:\/\/www.svetlanov-evgeny.com\/fr\/evgeny-svetlanov\/videos\/faust-ballet-i-les-nubiennes\/\"]}]},{\"@type\":\"ImageObject\",\"inLanguage\":\"fr-FR\",\"@id\":\"https:\/\/www.svetlanov-evgeny.com\/fr\/evgeny-svetlanov\/videos\/faust-ballet-i-les-nubiennes\/#primaryimage\",\"url\":\"https:\/\/www.svetlanov-evgeny.com\/wp-content\/uploads\/2025\/09\/Evgeny-Svetlanov-Portrait-\u00a9-SLC-scaled.jpg\",\"contentUrl\":\"https:\/\/www.svetlanov-evgeny.com\/wp-content\/uploads\/2025\/09\/Evgeny-Svetlanov-Portrait-\u00a9-SLC-scaled.jpg\",\"width\":1686,\"height\":2560,\"caption\":\"Evgeny Svetlanov\"},{\"@type\":\"BreadcrumbList\",\"@id\":\"https:\/\/www.svetlanov-evgeny.com\/fr\/evgeny-svetlanov\/videos\/faust-ballet-i-les-nubiennes\/#breadcrumb\",\"itemListElement\":[{\"@type\":\"ListItem\",\"position\":1,\"name\":\"Home\",\"item\":\"https:\/\/www.svetlanov-evgeny.com\/fr\/\"},{\"@type\":\"ListItem\",\"position\":2,\"name\":\"Videos\",\"item\":\"https:\/\/www.svetlanov-evgeny.com\/fr\/evgeny-svetlanov\/videos\/\"},{\"@type\":\"ListItem\",\"position\":3,\"name\":\"Faust, Ballet I. &#8220;Les Nubiennes&#8221;\"}]},{\"@type\":\"WebSite\",\"@id\":\"https:\/\/www.svetlanov-evgeny.com\/fr\/#website\",\"url\":\"https:\/\/www.svetlanov-evgeny.com\/fr\/\",\"name\":\"Evgeny Svetlanov\",\"description\":\"\",\"publisher\":{\"@id\":\"https:\/\/www.svetlanov-evgeny.com\/fr\/#organization\"},\"potentialAction\":[{\"@type\":\"SearchAction\",\"target\":{\"@type\":\"EntryPoint\",\"urlTemplate\":\"https:\/\/www.svetlanov-evgeny.com\/fr\/?s={search_term_string}\"},\"query-input\":{\"@type\":\"PropertyValueSpecification\",\"valueRequired\":true,\"valueName\":\"search_term_string\"}}],\"inLanguage\":\"fr-FR\"},{\"@type\":\"Organization\",\"@id\":\"https:\/\/www.svetlanov-evgeny.com\/fr\/#organization\",\"name\":\"Evgeny Svetlanov\",\"url\":\"https:\/\/www.svetlanov-evgeny.com\/fr\/\",\"logo\":{\"@type\":\"ImageObject\",\"inLanguage\":\"fr-FR\",\"@id\":\"https:\/\/www.svetlanov-evgeny.com\/fr\/#\/schema\/logo\/image\/\",\"url\":\"https:\/\/www.svetlanov-evgeny.com\/wp-content\/uploads\/2024\/01\/evgeny-svetlanov-white.webp\",\"contentUrl\":\"https:\/\/www.svetlanov-evgeny.com\/wp-content\/uploads\/2024\/01\/evgeny-svetlanov-white.webp\",\"width\":376,\"height\":37,\"caption\":\"Evgeny Svetlanov\"},\"image\":{\"@id\":\"https:\/\/www.svetlanov-evgeny.com\/fr\/#\/schema\/logo\/image\/\"}}]}<\/script>\n<!-- \/ Yoast SEO plugin. -->","yoast_head_json":{"title":"Faust, Ballet I. \"Les Nubiennes\" - Evgeny Svetlanov","robots":{"index":"index","follow":"follow","max-snippet":"max-snippet:-1","max-image-preview":"max-image-preview:large","max-video-preview":"max-video-preview:-1"},"canonical":"https:\/\/www.svetlanov-evgeny.com\/fr\/evgeny-svetlanov\/videos\/faust-ballet-i-les-nubiennes\/","og_locale":"fr_FR","og_type":"article","og_title":"Faust, Ballet I. \"Les Nubiennes\" - Evgeny Svetlanov","og_description":"L&rsquo;Orchestre national de France dirig\u00e9 par Jesko Sirvend joue le premier ballet extrait du Faust de Gounod, \u00ab\u00a0Les Nubiennes\u00a0\u00bb, compos\u00e9 en 1856-1859. Extrait du Gala Gounod donn\u00e9 le 16 juin 2018 \u00e0 la Maison de la Radio (Paris). La faillite du Th\u00e9\u00e2tre-Lyrique o\u00f9 Faust avait \u00e9t\u00e9 cr\u00e9\u00e9 en 1859, combla l\u2019Op\u00e9ra avide de s\u2019approprier un [&hellip;]","og_url":"https:\/\/www.svetlanov-evgeny.com\/fr\/evgeny-svetlanov\/videos\/faust-ballet-i-les-nubiennes\/","og_site_name":"Evgeny Svetlanov","twitter_card":"summary_large_image","twitter_misc":{"Dur\u00e9e de lecture estim\u00e9e":"1 minute"},"schema":{"@context":"https:\/\/schema.org","@graph":[{"@type":"WebPage","@id":"https:\/\/www.svetlanov-evgeny.com\/fr\/evgeny-svetlanov\/videos\/faust-ballet-i-les-nubiennes\/","url":"https:\/\/www.svetlanov-evgeny.com\/fr\/evgeny-svetlanov\/videos\/faust-ballet-i-les-nubiennes\/","name":"Faust, Ballet I. \"Les Nubiennes\" - Evgeny Svetlanov","isPartOf":{"@id":"https:\/\/www.svetlanov-evgeny.com\/fr\/#website"},"primaryImageOfPage":{"@id":"https:\/\/www.svetlanov-evgeny.com\/fr\/evgeny-svetlanov\/videos\/faust-ballet-i-les-nubiennes\/#primaryimage"},"image":{"@id":"https:\/\/www.svetlanov-evgeny.com\/fr\/evgeny-svetlanov\/videos\/faust-ballet-i-les-nubiennes\/#primaryimage"},"thumbnailUrl":"https:\/\/www.svetlanov-evgeny.com\/wp-content\/uploads\/2025\/09\/Evgeny-Svetlanov-Portrait-\u00a9-SLC-scaled.jpg","datePublished":"2025-08-06T13:41:41+00:00","breadcrumb":{"@id":"https:\/\/www.svetlanov-evgeny.com\/fr\/evgeny-svetlanov\/videos\/faust-ballet-i-les-nubiennes\/#breadcrumb"},"inLanguage":"fr-FR","potentialAction":[{"@type":"ReadAction","target":["https:\/\/www.svetlanov-evgeny.com\/fr\/evgeny-svetlanov\/videos\/faust-ballet-i-les-nubiennes\/"]}]},{"@type":"ImageObject","inLanguage":"fr-FR","@id":"https:\/\/www.svetlanov-evgeny.com\/fr\/evgeny-svetlanov\/videos\/faust-ballet-i-les-nubiennes\/#primaryimage","url":"https:\/\/www.svetlanov-evgeny.com\/wp-content\/uploads\/2025\/09\/Evgeny-Svetlanov-Portrait-\u00a9-SLC-scaled.jpg","contentUrl":"https:\/\/www.svetlanov-evgeny.com\/wp-content\/uploads\/2025\/09\/Evgeny-Svetlanov-Portrait-\u00a9-SLC-scaled.jpg","width":1686,"height":2560,"caption":"Evgeny Svetlanov"},{"@type":"BreadcrumbList","@id":"https:\/\/www.svetlanov-evgeny.com\/fr\/evgeny-svetlanov\/videos\/faust-ballet-i-les-nubiennes\/#breadcrumb","itemListElement":[{"@type":"ListItem","position":1,"name":"Home","item":"https:\/\/www.svetlanov-evgeny.com\/fr\/"},{"@type":"ListItem","position":2,"name":"Videos","item":"https:\/\/www.svetlanov-evgeny.com\/fr\/evgeny-svetlanov\/videos\/"},{"@type":"ListItem","position":3,"name":"Faust, Ballet I. &#8220;Les Nubiennes&#8221;"}]},{"@type":"WebSite","@id":"https:\/\/www.svetlanov-evgeny.com\/fr\/#website","url":"https:\/\/www.svetlanov-evgeny.com\/fr\/","name":"Evgeny Svetlanov","description":"","publisher":{"@id":"https:\/\/www.svetlanov-evgeny.com\/fr\/#organization"},"potentialAction":[{"@type":"SearchAction","target":{"@type":"EntryPoint","urlTemplate":"https:\/\/www.svetlanov-evgeny.com\/fr\/?s={search_term_string}"},"query-input":{"@type":"PropertyValueSpecification","valueRequired":true,"valueName":"search_term_string"}}],"inLanguage":"fr-FR"},{"@type":"Organization","@id":"https:\/\/www.svetlanov-evgeny.com\/fr\/#organization","name":"Evgeny Svetlanov","url":"https:\/\/www.svetlanov-evgeny.com\/fr\/","logo":{"@type":"ImageObject","inLanguage":"fr-FR","@id":"https:\/\/www.svetlanov-evgeny.com\/fr\/#\/schema\/logo\/image\/","url":"https:\/\/www.svetlanov-evgeny.com\/wp-content\/uploads\/2024\/01\/evgeny-svetlanov-white.webp","contentUrl":"https:\/\/www.svetlanov-evgeny.com\/wp-content\/uploads\/2024\/01\/evgeny-svetlanov-white.webp","width":376,"height":37,"caption":"Evgeny Svetlanov"},"image":{"@id":"https:\/\/www.svetlanov-evgeny.com\/fr\/#\/schema\/logo\/image\/"}}]}},"_links":{"self":[{"href":"https:\/\/www.svetlanov-evgeny.com\/fr\/wp-json\/wp\/v2\/videos\/3220","targetHints":{"allow":["GET"]}}],"collection":[{"href":"https:\/\/www.svetlanov-evgeny.com\/fr\/wp-json\/wp\/v2\/videos"}],"about":[{"href":"https:\/\/www.svetlanov-evgeny.com\/fr\/wp-json\/wp\/v2\/types\/videos"}],"author":[{"embeddable":true,"href":"https:\/\/www.svetlanov-evgeny.com\/fr\/wp-json\/wp\/v2\/users\/1"}],"version-history":[{"count":0,"href":"https:\/\/www.svetlanov-evgeny.com\/fr\/wp-json\/wp\/v2\/videos\/3220\/revisions"}],"wp:featuredmedia":[{"embeddable":true,"href":"https:\/\/www.svetlanov-evgeny.com\/fr\/wp-json\/wp\/v2\/media\/4138"}],"wp:attachment":[{"href":"https:\/\/www.svetlanov-evgeny.com\/fr\/wp-json\/wp\/v2\/media?parent=3220"}],"wp:term":[{"taxonomy":"artists","embeddable":true,"href":"https:\/\/www.svetlanov-evgeny.com\/fr\/wp-json\/wp\/v2\/artists?post=3220"},{"taxonomy":"events","embeddable":true,"href":"https:\/\/www.svetlanov-evgeny.com\/fr\/wp-json\/wp\/v2\/events?post=3220"}],"curies":[{"name":"wp","href":"https:\/\/api.w.org\/{rel}","templated":true}]}}